{"id":69,"date":"2016-04-20T17:48:11","date_gmt":"2016-04-20T17:48:11","guid":{"rendered":"http:\/\/xn--schtzenverein-weckhoven-epc.de\/?page_id=69"},"modified":"2025-02-05T12:28:48","modified_gmt":"2025-02-05T10:28:48","slug":"praesidenten","status":"publish","type":"page","link":"https:\/\/xn--schtzenverein-weckhoven-epc.de\/?page_id=69","title":{"rendered":"Pr\u00e4sidenten"},"content":{"rendered":"<p>Hier finden Sie eine <a href=\"http:\/\/xn--schtzenverein-weckhoven-epc.de\/wp-content\/uploads\/2016\/04\/Tabelle-Pr\u00e4sidenten-1.docx\">chronologische Auflistung<\/a> aller Pr\u00e4sidenten des Vereins.<\/p>\n<p>Im Jahr 2024 hat Dieter Moll sein Amt abgegeben. Johannes Steinhauer hat dieses Amt \u00fcbernommen, wurde hierzu auf der Voll- und Abrechnungsversammlung 2024 einstimmig gew\u00e4hlt.<\/p>\n<div id='gallery-1' class='gallery galleryid-69 gallery-columns-2 gallery-size-medium'><figure class='gallery-item'>\n\t\t\t<div class='gallery-icon portrait'>\n\t\t\t\t<a href='https:\/\/xn--schtzenverein-weckhoven-epc.de\/wp-content\/uploads\/2016\/04\/04_03_1940-61-Johann-Leusch.jpg'><img loading=\"lazy\" decoding=\"async\" width=\"108\" height=\"300\" src=\"https:\/\/xn--schtzenverein-weckhoven-epc.de\/wp-content\/uploads\/2016\/04\/04_03_1940-61-Johann-Leusch-108x300.jpg\" class=\"attachment-medium size-medium\" alt=\"\" aria-describedby=\"gallery-1-225\" srcset=\"https:\/\/xn--schtzenverein-weckhoven-epc.de\/wp-content\/uploads\/2016\/04\/04_03_1940-61-Johann-Leusch-108x300.jpg 108w, https:\/\/xn--schtzenverein-weckhoven-epc.de\/wp-content\/uploads\/2016\/04\/04_03_1940-61-Johann-Leusch-370x1024.jpg 370w, https:\/\/xn--schtzenverein-weckhoven-epc.de\/wp-content\/uploads\/2016\/04\/04_03_1940-61-Johann-Leusch.jpg 630w\" sizes=\"auto, (max-width: 108px) 100vw, 108px\" \/><\/a>\n\t\t\t<\/div>\n\t\t\t\t<figcaption class='wp-caption-text gallery-caption' id='gallery-1-225'>\n\t\t\t\t1940 &#8211; 1961 Johannes Leusch\n\t\t\t\t<\/figcaption><\/figure><figure class='gallery-item'>\n\t\t\t<div class='gallery-icon portrait'>\n\t\t\t\t<a href='https:\/\/xn--schtzenverein-weckhoven-epc.de\/wp-content\/uploads\/2016\/04\/04_03_1964-67-Peter-H\u00fcren-03.jpg'><img loading=\"lazy\" decoding=\"async\" width=\"172\" height=\"300\" src=\"https:\/\/xn--schtzenverein-weckhoven-epc.de\/wp-content\/uploads\/2016\/04\/04_03_1964-67-Peter-H\u00fcren-03-172x300.jpg\" class=\"attachment-medium size-medium\" alt=\"\" aria-describedby=\"gallery-1-231\" srcset=\"https:\/\/xn--schtzenverein-weckhoven-epc.de\/wp-content\/uploads\/2016\/04\/04_03_1964-67-Peter-H\u00fcren-03-172x300.jpg 172w, https:\/\/xn--schtzenverein-weckhoven-epc.de\/wp-content\/uploads\/2016\/04\/04_03_1964-67-Peter-H\u00fcren-03.jpg 426w\" sizes=\"auto, (max-width: 172px) 100vw, 172px\" \/><\/a>\n\t\t\t<\/div>\n\t\t\t\t<figcaption class='wp-caption-text gallery-caption' id='gallery-1-231'>\n\t\t\t\t1964 &#8211; 1967 Peter H\u00fcren\n\t\t\t\t<\/figcaption><\/figure><figure class='gallery-item'>\n\t\t\t<div class='gallery-icon portrait'>\n\t\t\t\t<a href='https:\/\/xn--schtzenverein-weckhoven-epc.de\/wp-content\/uploads\/2016\/04\/04_03_1968-73-Hubert-Ermter.jpg'><img loading=\"lazy\" decoding=\"async\" width=\"295\" height=\"300\" src=\"https:\/\/xn--schtzenverein-weckhoven-epc.de\/wp-content\/uploads\/2016\/04\/04_03_1968-73-Hubert-Ermter-295x300.jpg\" class=\"attachment-medium size-medium\" alt=\"\" aria-describedby=\"gallery-1-232\" srcset=\"https:\/\/xn--schtzenverein-weckhoven-epc.de\/wp-content\/uploads\/2016\/04\/04_03_1968-73-Hubert-Ermter-295x300.jpg 295w, https:\/\/xn--schtzenverein-weckhoven-epc.de\/wp-content\/uploads\/2016\/04\/04_03_1968-73-Hubert-Ermter-768x781.jpg 768w, https:\/\/xn--schtzenverein-weckhoven-epc.de\/wp-content\/uploads\/2016\/04\/04_03_1968-73-Hubert-Ermter.jpg 913w\" sizes=\"auto, (max-width: 295px) 100vw, 295px\" \/><\/a>\n\t\t\t<\/div>\n\t\t\t\t<figcaption class='wp-caption-text gallery-caption' id='gallery-1-232'>\n\t\t\t\t1968 &#8211; 1973 Hubert Ermbter\n\t\t\t\t<\/figcaption><\/figure><figure class='gallery-item'>\n\t\t\t<div class='gallery-icon portrait'>\n\t\t\t\t<a href='https:\/\/xn--schtzenverein-weckhoven-epc.de\/wp-content\/uploads\/2016\/04\/04_03_1974-88-Josef-Wisdorf-01.jpg'><img loading=\"lazy\" decoding=\"async\" width=\"220\" height=\"300\" src=\"https:\/\/xn--schtzenverein-weckhoven-epc.de\/wp-content\/uploads\/2016\/04\/04_03_1974-88-Josef-Wisdorf-01-220x300.jpg\" class=\"attachment-medium size-medium\" alt=\"\" aria-describedby=\"gallery-1-224\" srcset=\"https:\/\/xn--schtzenverein-weckhoven-epc.de\/wp-content\/uploads\/2016\/04\/04_03_1974-88-Josef-Wisdorf-01-220x300.jpg 220w, https:\/\/xn--schtzenverein-weckhoven-epc.de\/wp-content\/uploads\/2016\/04\/04_03_1974-88-Josef-Wisdorf-01-768x1047.jpg 768w, https:\/\/xn--schtzenverein-weckhoven-epc.de\/wp-content\/uploads\/2016\/04\/04_03_1974-88-Josef-Wisdorf-01-751x1024.jpg 751w, https:\/\/xn--schtzenverein-weckhoven-epc.de\/wp-content\/uploads\/2016\/04\/04_03_1974-88-Josef-Wisdorf-01.jpg 778w\" sizes=\"auto, (max-width: 220px) 100vw, 220px\" \/><\/a>\n\t\t\t<\/div>\n\t\t\t\t<figcaption class='wp-caption-text gallery-caption' id='gallery-1-224'>\n\t\t\t\t1974 &#8211; 1989 Josef Wisdorf\n\t\t\t\t<\/figcaption><\/figure><figure class='gallery-item'>\n\t\t\t<div class='gallery-icon portrait'>\n\t\t\t\t<a href='https:\/\/xn--schtzenverein-weckhoven-epc.de\/wp-content\/uploads\/2016\/04\/Pr\u00e4sident-Heribert-Kansy.jpg'><img loading=\"lazy\" decoding=\"async\" width=\"150\" height=\"215\" src=\"https:\/\/xn--schtzenverein-weckhoven-epc.de\/wp-content\/uploads\/2016\/04\/Pr\u00e4sident-Heribert-Kansy.jpg\" class=\"attachment-medium size-medium\" alt=\"\" aria-describedby=\"gallery-1-233\" \/><\/a>\n\t\t\t<\/div>\n\t\t\t\t<figcaption class='wp-caption-text gallery-caption' id='gallery-1-233'>\n\t\t\t\t1990 &#8211; 2000 Heribert Kansy\n\t\t\t\t<\/figcaption><\/figure><figure class='gallery-item'>\n\t\t\t<div class='gallery-icon portrait'>\n\t\t\t\t<a href='https:\/\/xn--schtzenverein-weckhoven-epc.de\/wp-content\/uploads\/2016\/04\/04_03_2001-Dietmar-Lenerz.jpg'><img loading=\"lazy\" decoding=\"async\" width=\"151\" height=\"300\" src=\"https:\/\/xn--schtzenverein-weckhoven-epc.de\/wp-content\/uploads\/2016\/04\/04_03_2001-Dietmar-Lenerz-151x300.jpg\" class=\"attachment-medium size-medium\" alt=\"\" aria-describedby=\"gallery-1-228\" srcset=\"https:\/\/xn--schtzenverein-weckhoven-epc.de\/wp-content\/uploads\/2016\/04\/04_03_2001-Dietmar-Lenerz-151x300.jpg 151w, https:\/\/xn--schtzenverein-weckhoven-epc.de\/wp-content\/uploads\/2016\/04\/04_03_2001-Dietmar-Lenerz.jpg 506w\" sizes=\"auto, (max-width: 151px) 100vw, 151px\" \/><\/a>\n\t\t\t<\/div>\n\t\t\t\t<figcaption class='wp-caption-text gallery-caption' id='gallery-1-228'>\n\t\t\t\t2001 &#8211; 2016 Dietmar Lenerz\n\t\t\t\t<\/figcaption><\/figure><figure class='gallery-item'>\n\t\t\t<div class='gallery-icon portrait'>\n\t\t\t\t<a href='https:\/\/xn--schtzenverein-weckhoven-epc.de\/wp-content\/uploads\/2019\/02\/Foto-24.02.19-17-34-23.jpg'><img loading=\"lazy\" decoding=\"async\" width=\"169\" height=\"300\" src=\"https:\/\/xn--schtzenverein-weckhoven-epc.de\/wp-content\/uploads\/2019\/02\/Foto-24.02.19-17-34-23-169x300.jpg\" class=\"attachment-medium size-medium\" alt=\"Dieter Moll\" aria-describedby=\"gallery-1-1069\" srcset=\"https:\/\/xn--schtzenverein-weckhoven-epc.de\/wp-content\/uploads\/2019\/02\/Foto-24.02.19-17-34-23-169x300.jpg 169w, https:\/\/xn--schtzenverein-weckhoven-epc.de\/wp-content\/uploads\/2019\/02\/Foto-24.02.19-17-34-23-768x1365.jpg 768w, https:\/\/xn--schtzenverein-weckhoven-epc.de\/wp-content\/uploads\/2019\/02\/Foto-24.02.19-17-34-23-576x1024.jpg 576w, https:\/\/xn--schtzenverein-weckhoven-epc.de\/wp-content\/uploads\/2019\/02\/Foto-24.02.19-17-34-23-152x270.jpg 152w, https:\/\/xn--schtzenverein-weckhoven-epc.de\/wp-content\/uploads\/2019\/02\/Foto-24.02.19-17-34-23.jpg 900w\" sizes=\"auto, (max-width: 169px) 100vw, 169px\" \/><\/a>\n\t\t\t<\/div>\n\t\t\t\t<figcaption class='wp-caption-text gallery-caption' id='gallery-1-1069'>\n\t\t\t\t2017 &#8211; 2024 Dieter Moll\n\t\t\t\t<\/figcaption><\/figure>\n\t\t<\/div>\n\n<table style=\"height: 1356px;\" width=\"787\">\n<tbody>\n<tr>\n<td width=\"307\">Zeitraum<\/td>\n<td width=\"307\"><strong>Pr\u00e4sident<\/strong><\/td>\n<\/tr>\n<tr>\n<td width=\"307\">1863 &#8211; 1870<\/td>\n<td width=\"307\">Karl Zeck<\/td>\n<\/tr>\n<tr>\n<td width=\"307\">1877 &#8211; 1882<\/td>\n<td width=\"307\">Peter Schl\u00fcter<\/td>\n<\/tr>\n<tr>\n<td width=\"307\">1883 &#8211; 1890<\/td>\n<td width=\"307\">Heinrich Schmitz<\/td>\n<\/tr>\n<tr>\n<td width=\"307\">1891 &#8211; 1902<\/td>\n<td width=\"307\">Clemens Bebber<\/td>\n<\/tr>\n<tr>\n<td width=\"307\">1903 &#8211; 1927<\/td>\n<td width=\"307\">Peter Schl\u00fcter<\/td>\n<\/tr>\n<tr>\n<td width=\"307\">1928 &#8211; 1929<\/td>\n<td width=\"307\">Johann Leusch<\/td>\n<\/tr>\n<tr>\n<td width=\"307\">1930 &#8211; 1933<\/td>\n<td width=\"307\">Franz M\u00fcller<\/td>\n<\/tr>\n<tr>\n<td width=\"307\">1934 &#8211; 1937<\/td>\n<td width=\"307\">Christian Jansen<\/td>\n<\/tr>\n<tr>\n<td width=\"307\">1938 &#8211; 1939<\/td>\n<td width=\"307\">Wilhelm Heesen<\/td>\n<\/tr>\n<tr>\n<td width=\"307\">1940 &#8211; 1961<\/td>\n<td width=\"307\">Johann Leusch<\/td>\n<\/tr>\n<tr>\n<td width=\"307\">1962 &#8211; 1963<\/td>\n<td width=\"307\">Johann Pullen<\/td>\n<\/tr>\n<tr>\n<td width=\"307\">1964 &#8211; 1967<\/td>\n<td width=\"307\">Peter H\u00fcren<\/td>\n<\/tr>\n<tr>\n<td width=\"307\">1968 &#8211; 1973<\/td>\n<td width=\"307\">Hubert Ermbter<\/td>\n<\/tr>\n<tr>\n<td width=\"307\">1974 &#8211; 1989<\/td>\n<td width=\"307\">Josef Wisdorf<\/td>\n<\/tr>\n<tr>\n<td width=\"307\">1990 \u2013 2000<\/td>\n<td width=\"307\">Herbert Kansy<\/td>\n<\/tr>\n<tr>\n<td width=\"307\">2001 &#8211; 2016<\/td>\n<td width=\"307\">Dietmar Lenerz<\/td>\n<\/tr>\n<tr>\n<td width=\"307\">2017 &#8211; 2024<\/td>\n<td width=\"307\">Dieter Moll<\/td>\n<\/tr>\n<tr>\n<td width=\"307\">Seit 2024<\/td>\n<td width=\"307\">Johannes Steinhauer<\/td>\n<\/tr>\n<\/tbody>\n<\/table>\n<p><a href=\"http:\/\/xn--schtzenverein-weckhoven-epc.de\/wp-content\/uploads\/2016\/04\/Tabelle-Pr\u00e4sidenten-1.docx\">Tabelle Pr\u00e4sidenten<\/a><\/p>\n","protected":false},"excerpt":{"rendered":"<p>Hier finden Sie eine chronologische Auflistung aller Pr\u00e4sidenten des Vereins. Im Jahr 2024 hat Dieter Moll sein Amt abgegeben. Johannes Steinhauer hat dieses Amt \u00fcbernommen, wurde hierzu auf der Voll- und Abrechnungsversammlung 2024 einstimmig gew\u00e4hlt. Zeitraum Pr\u00e4sident 1863 &#8211; 1870 Karl Zeck 1877 &#8211; 1882 Peter Schl\u00fcter 1883 &#8211; 1890 Heinrich Schmitz 1891 &#8211; 1902 Clemens Bebber 1903 &#8211; 1927 Peter Schl\u00fcter 1928 &#8211; 1929 Johann Leusch 1930 &#8211; 1933 Franz M\u00fcller 1934 &#8211; 1937 Christian Jansen 1938 &#8211; 1939&#8230;<\/p>\n<p class=\"read-more\"><a class=\"btn btn-default\" href=\"https:\/\/xn--schtzenverein-weckhoven-epc.de\/?page_id=69\">Weiterlesen<span class=\"screen-reader-text\"> Weiterlesen<\/span><\/a><\/p>\n","protected":false},"author":2,"featured_media":0,"parent":21,"menu_order":3,"comment_status":"closed","ping_status":"closed","template":"","meta":{"_mc_calendar":[],"footnotes":""},"class_list":["post-69","page","type-page","status-publish","hentry"],"_links":{"self":[{"href":"https:\/\/xn--schtzenverein-weckhoven-epc.de\/index.php?rest_route=\/wp\/v2\/pages\/69","targetHints":{"allow":["GET"]}}],"collection":[{"href":"https:\/\/xn--schtzenverein-weckhoven-epc.de\/index.php?rest_route=\/wp\/v2\/pages"}],"about":[{"href":"https:\/\/xn--schtzenverein-weckhoven-epc.de\/index.php?rest_route=\/wp\/v2\/types\/page"}],"author":[{"embeddable":true,"href":"https:\/\/xn--schtzenverein-weckhoven-epc.de\/index.php?rest_route=\/wp\/v2\/users\/2"}],"replies":[{"embeddable":true,"href":"https:\/\/xn--schtzenverein-weckhoven-epc.de\/index.php?rest_route=%2Fwp%2Fv2%2Fcomments&post=69"}],"version-history":[{"count":12,"href":"https:\/\/xn--schtzenverein-weckhoven-epc.de\/index.php?rest_route=\/wp\/v2\/pages\/69\/revisions"}],"predecessor-version":[{"id":1635,"href":"https:\/\/xn--schtzenverein-weckhoven-epc.de\/index.php?rest_route=\/wp\/v2\/pages\/69\/revisions\/1635"}],"up":[{"embeddable":true,"href":"https:\/\/xn--schtzenverein-weckhoven-epc.de\/index.php?rest_route=\/wp\/v2\/pages\/21"}],"wp:attachment":[{"href":"https:\/\/xn--schtzenverein-weckhoven-epc.de\/index.php?rest_route=%2Fwp%2Fv2%2Fmedia&parent=69"}],"curies":[{"name":"wp","href":"https:\/\/api.w.org\/{rel}","templated":true}]}}