{"id":65,"date":"2016-04-20T17:47:42","date_gmt":"2016-04-20T17:47:42","guid":{"rendered":"http:\/\/xn--schtzenverein-weckhoven-epc.de\/?page_id=65"},"modified":"2016-04-23T13:15:41","modified_gmt":"2016-04-23T13:15:41","slug":"verein","status":"publish","type":"page","link":"https:\/\/xn--schtzenverein-weckhoven-epc.de\/?page_id=65","title":{"rendered":"Vereinschronik"},"content":{"rendered":"<p><a href=\"http:\/\/xn--schtzenverein-weckhoven-epc.de\/wp-content\/uploads\/2016\/04\/04_01_01_Ank\u00fcndigung-1.Sch\u00fctzenfest-1.jpg\"><img loading=\"lazy\" decoding=\"async\" class=\"alignright wp-image-322 size-medium\" src=\"http:\/\/xn--schtzenverein-weckhoven-epc.de\/wp-content\/uploads\/2016\/04\/04_01_01_Ank\u00fcndigung-1.Sch\u00fctzenfest-1-207x300.jpg\" alt=\"04_01_01_Ank\u00fcndigung 1.Sch\u00fctzenfest\" width=\"207\" height=\"300\" srcset=\"https:\/\/xn--schtzenverein-weckhoven-epc.de\/wp-content\/uploads\/2016\/04\/04_01_01_Ank\u00fcndigung-1.Sch\u00fctzenfest-1-207x300.jpg 207w, https:\/\/xn--schtzenverein-weckhoven-epc.de\/wp-content\/uploads\/2016\/04\/04_01_01_Ank\u00fcndigung-1.Sch\u00fctzenfest-1-768x1112.jpg 768w, https:\/\/xn--schtzenverein-weckhoven-epc.de\/wp-content\/uploads\/2016\/04\/04_01_01_Ank\u00fcndigung-1.Sch\u00fctzenfest-1-707x1024.jpg 707w, https:\/\/xn--schtzenverein-weckhoven-epc.de\/wp-content\/uploads\/2016\/04\/04_01_01_Ank\u00fcndigung-1.Sch\u00fctzenfest-1.jpg 1942w\" sizes=\"auto, (max-width: 207px) 100vw, 207px\" \/><\/a>Unser Sch\u00fctzenverein kann auf eine 150 Jahre lange Geschichte zur\u00fcckschauen.<\/p>\n<p>Aufgrund der beiden Weltkriege wurde das Dorf- und Vereinsleben in diesen Zeiten stark beeintr\u00e4chtigt. Trotz allem fanden die Sch\u00fctzen in Weckhoven immer wieder zusammen, um ihr Sch\u00fctzenfest feiern zu k\u00f6nnen.<\/p>\n<p>Es folgt eine kurze Zusammenfassung der Chronik des Sch\u00fctzenvereins Weckhoven aus dem Buch &#8222;Unser Weckhoven 1863-2013&#8220; verfasst von Martin Kluth und J\u00fcrgen Stellet mit Beitr\u00e4gen der Sch\u00fctzenkorps im Sch\u00fctzenverein von 1863 Weckhoven.<\/p>\n<p><strong>Gr\u00fcndung und Zeit vor dem 1. Weltkrieg<\/strong><\/p>\n<div class=\"csc-textpic csc-textpic-center csc-textpic-below\">\n<div class=\"csc-textpic-text\">\n<p>Schon lange hegten die Weckhovener B\u00fcrger den Wunsch ein eigenes Sch\u00fctzenfest zu feiern. Dies war jedoch zur Zeit vor 1863 nicht m\u00f6glich, da Weckhoven keine eigene Kirchengemeinde hatte und somit das Sch\u00fctzenfest in Hoisten stattfinden musste. Auch die B\u00fcrgermeister der Gemeinde H\u00fclchrath &#8211; zu der Weckhoven zu dieser Zeit geh\u00f6rte &#8211; lehnten die Bitten der Weckhovener B\u00fcrger, ein eigenes Sch\u00fctzenfest feiern zu d\u00fcrfen, bis dahin ab.<\/p>\n<p>Nachdem Freiherr Ferdinand von Pr\u00f6pper neuer B\u00fcrgermeister der Gemeinde H\u00fclchrath geworden ist, trat Heinrich Schmitz mit derselben Bitte vor ihn und der Freiherr gab die Genehmigung f\u00fcr das erste Sch\u00fctzenfest in Weckhoven im Jahre 1863. Der Freiherr selbst besuchte das erste Sch\u00fctzenfest und schenkte den Veteranen des Vereins eine eigene Fahne.<\/p>\n<p>Die genannte Veteranenkompanie, bekleidet mit Zylinder, Gehrock, schwarzer Hose,\u00a0Spazierstock und rot\/wei\u00dfer Sch\u00e4rpe, war neben den Grenadieren die erste Formation des Sch\u00fctzenvereins. Im Jahre 1875 bildete sich dann ein Sappeurzug und im Jahre 1878 &#8211; was aus der J\u00e4gerfahne hervor geht- das J\u00e4gerkorps. Es wird jedoch vermutet, dass bereits im Gr\u00fcndungsjahr 1863 J\u00e4ger mit marschierten, da diese schon lange in den benachbarten Sch\u00fctzenvereinen pr\u00e4sent waren.<\/p>\n<p>Das 50 J\u00e4hrige Jubil\u00e4um des Vereins im Jahre 1913 war ein gro\u00dfes Fest, welches auch von Landrat, B\u00fcrgermeister, Schulrektor und benachbarten Fahnenabordnungen besucht wurde.<\/p>\n<p>Mit Beginn des ersten Weltkriegs lag das Dorf- und Vereinsleben bis 1920 brach.<\/p>\n<div id='gallery-1' class='gallery galleryid-65 gallery-columns-2 gallery-size-medium'><figure class='gallery-item'>\n\t\t\t<div class='gallery-icon portrait'>\n\t\t\t\t<a href='https:\/\/xn--schtzenverein-weckhoven-epc.de\/wp-content\/uploads\/2016\/04\/04_01_02_Bau-St.-Josef-1.jpg'><img loading=\"lazy\" decoding=\"async\" width=\"218\" height=\"300\" src=\"https:\/\/xn--schtzenverein-weckhoven-epc.de\/wp-content\/uploads\/2016\/04\/04_01_02_Bau-St.-Josef-1-218x300.jpg\" class=\"attachment-medium size-medium\" alt=\"\" srcset=\"https:\/\/xn--schtzenverein-weckhoven-epc.de\/wp-content\/uploads\/2016\/04\/04_01_02_Bau-St.-Josef-1-218x300.jpg 218w, https:\/\/xn--schtzenverein-weckhoven-epc.de\/wp-content\/uploads\/2016\/04\/04_01_02_Bau-St.-Josef-1-768x1057.jpg 768w, https:\/\/xn--schtzenverein-weckhoven-epc.de\/wp-content\/uploads\/2016\/04\/04_01_02_Bau-St.-Josef-1-744x1024.jpg 744w, https:\/\/xn--schtzenverein-weckhoven-epc.de\/wp-content\/uploads\/2016\/04\/04_01_02_Bau-St.-Josef-1.jpg 2033w\" sizes=\"auto, (max-width: 218px) 100vw, 218px\" \/><\/a>\n\t\t\t<\/div><\/figure><figure class='gallery-item'>\n\t\t\t<div class='gallery-icon landscape'>\n\t\t\t\t<a href='https:\/\/xn--schtzenverein-weckhoven-epc.de\/wp-content\/uploads\/2016\/04\/04_01_03_Grenadier-Hauptmannszug-von-1899-1.jpg'><img loading=\"lazy\" decoding=\"async\" width=\"300\" height=\"211\" src=\"https:\/\/xn--schtzenverein-weckhoven-epc.de\/wp-content\/uploads\/2016\/04\/04_01_03_Grenadier-Hauptmannszug-von-1899-1-300x211.jpg\" class=\"attachment-medium size-medium\" alt=\"\" srcset=\"https:\/\/xn--schtzenverein-weckhoven-epc.de\/wp-content\/uploads\/2016\/04\/04_01_03_Grenadier-Hauptmannszug-von-1899-1-300x211.jpg 300w, https:\/\/xn--schtzenverein-weckhoven-epc.de\/wp-content\/uploads\/2016\/04\/04_01_03_Grenadier-Hauptmannszug-von-1899-1-768x540.jpg 768w, https:\/\/xn--schtzenverein-weckhoven-epc.de\/wp-content\/uploads\/2016\/04\/04_01_03_Grenadier-Hauptmannszug-von-1899-1-1024x721.jpg 1024w, https:\/\/xn--schtzenverein-weckhoven-epc.de\/wp-content\/uploads\/2016\/04\/04_01_03_Grenadier-Hauptmannszug-von-1899-1-426x300.jpg 426w, https:\/\/xn--schtzenverein-weckhoven-epc.de\/wp-content\/uploads\/2016\/04\/04_01_03_Grenadier-Hauptmannszug-von-1899-1.jpg 1073w\" sizes=\"auto, (max-width: 300px) 100vw, 300px\" \/><\/a>\n\t\t\t<\/div><\/figure>\n\t\t<\/div>\n\n<p>&nbsp;<\/p>\n<\/div>\n<h1>Zeit nach dem 1. Weltkrieg<\/h1>\n<div class=\"csc-textpic csc-textpic-center csc-textpic-below\">\n<div class=\"csc-textpic-text\">\n<p>Nach Ende des ersten Weltkrieges formierte sich der Sch\u00fctzenverein im Jahre 1921 erneut und trug wesentlich zur Reanimation des Dorflebens bei. Jedoch verbaten die Besatzer den Weckhovener Sch\u00fctzen ihr Fest zu feiern.<\/p>\n<p>Im Jahre 1926 lud Gerhard Jansen zu einer ersten gro\u00dfen Versammlung ein, in der sich der Sch\u00fctzenverein, das Grenadierkorps, die Veteranenkompanie, das J\u00e4gerkorps, das Sappeurkorps, der Reiterverein und der BSV Weckhoven neu gr\u00fcndeten. Im folgenden Jahr gr\u00fcndete sich auch das Tambourcorps, welches bereits Bestandteil des 50 j\u00e4hrigen Jubil\u00e4ums 1913 war.<\/p>\n<p>Mit dem Beginn des Nazi-Regimes in Deutschland musste sich auch der Weckhovener Sch\u00fctzenverein erstmals im September 1933 mit der Gleichschaltung befassen. Man vertagte die Angelegenheit.<\/p>\n<p>Auch die Tatsache, dass unser Sch\u00fctzenfest an Pfingsten gefeiert wurde, war vom politischen Regime unerw\u00fcnscht, sodass man es zu Beginn des Jahres 1934 verbieten wollte. Hierzu kam eine Einladung des Ortsgruppenleiters zu einem Gespr\u00e4ch, welcher der Vorstand unseres Vereins nicht nachkam. Aufgrund dessen kam am 22.4.1934 der Ortsgruppenleiter nach Weckhoven und setzte den Vorstand aus seinen \u00c4mtern. Nach der Einsetzung eines von den Nazis ausgew\u00e4hlten Vorstands wurde der Zeitraum des Sch\u00fctzenfests auf das 3. Juniwochenende festgelegt.<br \/>\nDas 75. Sch\u00fctzenfest im Jahre 1938 war das letzte vor dem 2. Weltkrieg, welcher das aktive Vereinsleben erneut verhinderte.<\/p>\n<div id='gallery-2' class='gallery galleryid-65 gallery-columns-2 gallery-size-large'><figure class='gallery-item'>\n\t\t\t<div class='gallery-icon landscape'>\n\t\t\t\t<a href='https:\/\/xn--schtzenverein-weckhoven-epc.de\/wp-content\/uploads\/2016\/04\/Sch\u00fctzenfest-1938.jpg'><img loading=\"lazy\" decoding=\"async\" width=\"250\" height=\"155\" src=\"https:\/\/xn--schtzenverein-weckhoven-epc.de\/wp-content\/uploads\/2016\/04\/Sch\u00fctzenfest-1938.jpg\" class=\"attachment-large size-large\" alt=\"\" \/><\/a>\n\t\t\t<\/div><\/figure><figure class='gallery-item'>\n\t\t\t<div class='gallery-icon landscape'>\n\t\t\t\t<a href='https:\/\/xn--schtzenverein-weckhoven-epc.de\/wp-content\/uploads\/2016\/04\/Hubertussch\u00fctzen-im-Jahre-1929.jpg'><img loading=\"lazy\" decoding=\"async\" width=\"250\" height=\"156\" src=\"https:\/\/xn--schtzenverein-weckhoven-epc.de\/wp-content\/uploads\/2016\/04\/Hubertussch\u00fctzen-im-Jahre-1929.jpg\" class=\"attachment-large size-large\" alt=\"\" \/><\/a>\n\t\t\t<\/div><\/figure>\n\t\t<\/div>\n\n<\/div>\n<h1>Zeit nach dem 2. Weltkrieg<\/h1>\n<div class=\"csc-textpic csc-textpic-center csc-textpic-below\">\n<div class=\"csc-textpic-text\">\n<p>Schon kurz nach dem Ende des zweiten Weltkrieges 1945 hat sich das Tambourcorps unter dem Engagement von Anton Schr\u00f6der (Major von 1946-1951) wieder aufgebaut. Mit der W\u00e4hrungsreform um 1948 haben sich viele Vereine wieder erholt, so auch unser Sch\u00fctzenverein. Hierzu wurde wieder eine gro\u00dfe Versammlung mit allen vor dem 2. Weltkrieg amtierenden Vorstandsmitgliedern und Korpsvorst\u00e4nden einberufen, welche beschlossen hat, 1948 wieder ein Sch\u00fctzenfest zu feiern.<\/p>\n<p>Dieses Vorhaben unterlag jedoch der Genehmigung der Milit\u00e4rregierung, welche mitteilte, dass die Genehmigung bei einer Bruderschaft schneller erteilt werden k\u00f6nne. Dieser Anregung wollten die Weckhovener Sch\u00fctzen aber nicht nachkommen.<\/p>\n<p>Die Korps formierten sich nun neu und 1949 stellte der neu gew\u00e4hlte Pr\u00e4sident Johann Leusch bei der Stadt Neuss den Antrag in diesem Jahr wieder Sch\u00fctzenfest in Weckhoven feiern zu d\u00fcrfen. Das erste Sch\u00fctzenfest nach dem 2. Weltkrieg musste jedoch unter einigen Einschr\u00e4nkungen &#8222;leiden&#8220;, da der Antrag wie bereits erw\u00e4hnt durch die Milit\u00e4rbeh\u00f6rde genehmigt werden musste. So wurde anstatt der korpstypischen Uniformen einheitlich wei\u00dfe Hose, Sonntagsrock und Spazierstock anstatt Gewehr und Degen\u00a0 getragen. Weiter wurde das K\u00f6nigsvogelschie\u00dfen mit Armbrust in der N\u00e4he der Kyburg abgehalten.<\/p>\n<p>Das darauf folgende Sch\u00fctzenfest durfte nun wieder in Uniform und mit Degen gefeiert werden. In diesem Jahr haben sich auch die Scheibensch\u00fctzen Neuss-Weckhoven gegr\u00fcndet.<\/p>\n<div id='gallery-3' class='gallery galleryid-65 gallery-columns-3 gallery-size-large'><figure class='gallery-item'>\n\t\t\t<div class='gallery-icon landscape'>\n\t\t\t\t<a href='https:\/\/xn--schtzenverein-weckhoven-epc.de\/wp-content\/uploads\/2016\/04\/04_01_11_Theo-Angst-und-Gertrud-Markus-K\u00f6nigspaar-1949-1.jpg'><img loading=\"lazy\" decoding=\"async\" width=\"640\" height=\"408\" src=\"https:\/\/xn--schtzenverein-weckhoven-epc.de\/wp-content\/uploads\/2016\/04\/04_01_11_Theo-Angst-und-Gertrud-Markus-K\u00f6nigspaar-1949-1-1024x652.jpg\" class=\"attachment-large size-large\" alt=\"\" srcset=\"https:\/\/xn--schtzenverein-weckhoven-epc.de\/wp-content\/uploads\/2016\/04\/04_01_11_Theo-Angst-und-Gertrud-Markus-K\u00f6nigspaar-1949-1-1024x652.jpg 1024w, https:\/\/xn--schtzenverein-weckhoven-epc.de\/wp-content\/uploads\/2016\/04\/04_01_11_Theo-Angst-und-Gertrud-Markus-K\u00f6nigspaar-1949-1-300x191.jpg 300w, https:\/\/xn--schtzenverein-weckhoven-epc.de\/wp-content\/uploads\/2016\/04\/04_01_11_Theo-Angst-und-Gertrud-Markus-K\u00f6nigspaar-1949-1-768x489.jpg 768w, https:\/\/xn--schtzenverein-weckhoven-epc.de\/wp-content\/uploads\/2016\/04\/04_01_11_Theo-Angst-und-Gertrud-Markus-K\u00f6nigspaar-1949-1-471x300.jpg 471w\" sizes=\"auto, (max-width: 640px) 100vw, 640px\" \/><\/a>\n\t\t\t<\/div><\/figure><figure class='gallery-item'>\n\t\t\t<div class='gallery-icon portrait'>\n\t\t\t\t<a href='https:\/\/xn--schtzenverein-weckhoven-epc.de\/wp-content\/uploads\/2016\/04\/04_01_09_Edelknaben-1.jpg'><img loading=\"lazy\" decoding=\"async\" width=\"620\" height=\"872\" src=\"https:\/\/xn--schtzenverein-weckhoven-epc.de\/wp-content\/uploads\/2016\/04\/04_01_09_Edelknaben-1.jpg\" class=\"attachment-large size-large\" alt=\"\" srcset=\"https:\/\/xn--schtzenverein-weckhoven-epc.de\/wp-content\/uploads\/2016\/04\/04_01_09_Edelknaben-1.jpg 620w, https:\/\/xn--schtzenverein-weckhoven-epc.de\/wp-content\/uploads\/2016\/04\/04_01_09_Edelknaben-1-213x300.jpg 213w\" sizes=\"auto, (max-width: 620px) 100vw, 620px\" \/><\/a>\n\t\t\t<\/div><\/figure><figure class='gallery-item'>\n\t\t\t<div class='gallery-icon landscape'>\n\t\t\t\t<a href='https:\/\/xn--schtzenverein-weckhoven-epc.de\/wp-content\/uploads\/2016\/04\/04_01_10_Schie\u00dfen-1.jpg'><img loading=\"lazy\" decoding=\"async\" width=\"640\" height=\"472\" src=\"https:\/\/xn--schtzenverein-weckhoven-epc.de\/wp-content\/uploads\/2016\/04\/04_01_10_Schie\u00dfen-1.jpg\" class=\"attachment-large size-large\" alt=\"\" srcset=\"https:\/\/xn--schtzenverein-weckhoven-epc.de\/wp-content\/uploads\/2016\/04\/04_01_10_Schie\u00dfen-1.jpg 866w, https:\/\/xn--schtzenverein-weckhoven-epc.de\/wp-content\/uploads\/2016\/04\/04_01_10_Schie\u00dfen-1-300x221.jpg 300w, https:\/\/xn--schtzenverein-weckhoven-epc.de\/wp-content\/uploads\/2016\/04\/04_01_10_Schie\u00dfen-1-768x566.jpg 768w, https:\/\/xn--schtzenverein-weckhoven-epc.de\/wp-content\/uploads\/2016\/04\/04_01_10_Schie\u00dfen-1-407x300.jpg 407w\" sizes=\"auto, (max-width: 640px) 100vw, 640px\" \/><\/a>\n\t\t\t<\/div><\/figure>\n\t\t<\/div>\n\n<\/div>\n<h1>Vom Jubil\u00e4umsfest 1963 bis heute<\/h1>\n<div class=\"csc-textpic csc-textpic-center csc-textpic-below\">\n<div class=\"csc-textpic-text\">\n<p>Die Vorbereitungen f\u00fcr das 100 j\u00e4hrige Jubil\u00e4um unseres Sch\u00fcztenvereins begannen bereits im Jahre 1959. Zwischenzeitlich rief das J\u00e4gerkorps 1961 eine neue Tradition ins Leben und zwar das Ausschie\u00dfen eines J\u00e4gerk\u00f6nigs. Nach Abschluss aller Vorbereitungen begann dann das Jubil\u00e4umsfest 1963 mit dem Oberstehrenabend in der Gastst\u00e4tte Deuss. K\u00f6nig in diesem Jahr war der J\u00e4germajor und sp\u00e4terer Pr\u00e4sident (1968-1973) Hubert Embter. Das Fest wurde von \u00fcber tausend Menschen besucht und viele ehemaligen Weckhovener kamen zu dieser Gelegenheit bei bestem Wetter in ihr Heimatdorf zur\u00fcck.<\/p>\n<p>Im Jahr darauf feierte der Sappeurzug sein 90-j\u00e4hriges Bestehen und erhielt hierzu vom Sch\u00fctzenverein als Anerkennung die offizielle Bezeichnung des \u201eSappeukorps\u201c. Dennoch geh\u00f6rten die Sappeure weiterhin dem Grenadierkorps an.<\/p>\n<p>Der B\u00fcrgerball am Kirmesmontag, welcher sich bis heute gro\u00dfer Beliebtheit erfreut, wurde erstmals 1967 auf den Vorschlag von Martin Kluth abgehalten.<\/p>\n<p>Sieben Jahre sp\u00e4ter hat sich die Sch\u00fctzengilde aus mehreren jungen M\u00e4nnern, die Teil des Sch\u00fctzenvereins sein wollten aber nicht einem schon bestehenden Korps beitreten wollten, gegr\u00fcndet. Schon vier weitere Jahre darauf vermerkte das Gildekorps einen starken Zuwachs und z\u00e4hlte 1978 bis zu 130 Gildesch\u00fctzen.<\/p>\n<p>Ein weiteres Korps sollte unseren Sch\u00fctzenverein bereichern, denn 1987 gr\u00fcndete sich das Artilleriekorps.<\/p>\n<p>Im Jahre 1994 gr\u00fcndete sich erstmals eine Vorreitergruppe. Die 1978 angeschaffte Regimentsfahne, welche bis dahin von den Sappeuren getragen wurde, f\u00fchrte nun erstmals mit den Vorreitern das Regiment an.<\/p>\n<p>Nach 120 Jahren wurde das Sappeurkorps 1995\u00a0durch die Bef\u00f6rderung von Hauptmann Franz Nover zum Major erstmalig ein eigenst\u00e4ndiges und gleichberechtigtes Korps im Sch\u00fctzenverein und geh\u00f6rte nun nicht mehr dem Grenadierkorps an.<\/p>\n<p>Aufgrund interner Unstimmigkeiten trat 2000 der gesch\u00e4ftsf\u00fchrende Vorstand geschlossen zur\u00fcck. Nun musste ein neuer Vorstand gefunden werden und in einer au\u00dferordentlichen Sch\u00fctzenversammlung wurde ein neuer Vorstand gew\u00e4hlt. An dessen Spitze steht unser heute noch amtierender Pr\u00e4sident Dietmar Lenerz.<\/p>\n<p>2009 kam es zur Renaissance des Veteranenkorps unter der besonderen Beteiligung von Alois Raspels und Theo Winkels.<\/p>\n<p>&nbsp;<\/p>\n<p>In dem Jahr 2013 hatten wir die Freude unser 150tes Sch\u00fctzenfest zu feiern. Hierzu kamen am Sch\u00fctzenfestsonntag diverse Abordnungen aus befreundeten Vereinen und wir hatten mit unserem K\u00f6nig Karl Willi I Knuppertz und K\u00f6nigin Ulla ein wundersch\u00f6nes Sch\u00fctzenfest.<\/p>\n<\/div>\n<\/div>\n<\/div>\n<\/div>\n<\/div>\n","protected":false},"excerpt":{"rendered":"<p>Unser Sch\u00fctzenverein kann auf eine 150 Jahre lange Geschichte zur\u00fcckschauen. Aufgrund der beiden Weltkriege wurde das Dorf- und Vereinsleben in diesen Zeiten stark beeintr\u00e4chtigt. Trotz allem fanden die Sch\u00fctzen in Weckhoven immer wieder zusammen, um ihr Sch\u00fctzenfest feiern zu k\u00f6nnen. Es folgt eine kurze Zusammenfassung der Chronik des Sch\u00fctzenvereins Weckhoven aus dem Buch &#8222;Unser Weckhoven 1863-2013&#8220; verfasst von Martin Kluth und J\u00fcrgen Stellet mit Beitr\u00e4gen der Sch\u00fctzenkorps im Sch\u00fctzenverein von 1863 Weckhoven. Gr\u00fcndung und Zeit vor dem 1. Weltkrieg Schon&#8230;<\/p>\n<p class=\"read-more\"><a class=\"btn btn-default\" href=\"https:\/\/xn--schtzenverein-weckhoven-epc.de\/?page_id=65\">Weiterlesen<span class=\"screen-reader-text\"> Weiterlesen<\/span><\/a><\/p>\n","protected":false},"author":2,"featured_media":0,"parent":21,"menu_order":1,"comment_status":"closed","ping_status":"closed","template":"","meta":{"_mc_calendar":[],"footnotes":""},"class_list":["post-65","page","type-page","status-publish","hentry"],"_links":{"self":[{"href":"https:\/\/xn--schtzenverein-weckhoven-epc.de\/index.php?rest_route=\/wp\/v2\/pages\/65","targetHints":{"allow":["GET"]}}],"collection":[{"href":"https:\/\/xn--schtzenverein-weckhoven-epc.de\/index.php?rest_route=\/wp\/v2\/pages"}],"about":[{"href":"https:\/\/xn--schtzenverein-weckhoven-epc.de\/index.php?rest_route=\/wp\/v2\/types\/page"}],"author":[{"embeddable":true,"href":"https:\/\/xn--schtzenverein-weckhoven-epc.de\/index.php?rest_route=\/wp\/v2\/users\/2"}],"replies":[{"embeddable":true,"href":"https:\/\/xn--schtzenverein-weckhoven-epc.de\/index.php?rest_route=%2Fwp%2Fv2%2Fcomments&post=65"}],"version-history":[{"count":4,"href":"https:\/\/xn--schtzenverein-weckhoven-epc.de\/index.php?rest_route=\/wp\/v2\/pages\/65\/revisions"}],"predecessor-version":[{"id":337,"href":"https:\/\/xn--schtzenverein-weckhoven-epc.de\/index.php?rest_route=\/wp\/v2\/pages\/65\/revisions\/337"}],"up":[{"embeddable":true,"href":"https:\/\/xn--schtzenverein-weckhoven-epc.de\/index.php?rest_route=\/wp\/v2\/pages\/21"}],"wp:attachment":[{"href":"https:\/\/xn--schtzenverein-weckhoven-epc.de\/index.php?rest_route=%2Fwp%2Fv2%2Fmedia&parent=65"}],"curies":[{"name":"wp","href":"https:\/\/api.w.org\/{rel}","templated":true}]}}